{"id":2172,"date":"2019-05-09T11:25:03","date_gmt":"2019-05-09T09:25:03","guid":{"rendered":"http:\/\/www.fundacioiris.org\/contacte\/"},"modified":"2019-06-27T08:30:04","modified_gmt":"2019-06-27T06:30:04","slug":"contacto","status":"publish","type":"page","link":"https:\/\/www.fundacioiris.org\/es\/contacto\/","title":{"rendered":"Contacto"},"content":{"rendered":"<section class=\"wpb-content-wrapper\"><p>[vc_row css=\u00bb.vc_custom_1560856477700{margin-top: 50px !important;}\u00bb][vc_column width=\u00bb1\/2&#8243;]<div class=\"feature-item\"><div class=\"icon features-map\"><\/div><h4>FUNDACI\u00d3N IRIS<\/h4><p>C\/ Primer de Maig, n\u00ba 9<br \/>\n08620 Sant Vicen\u00e7 dels Horts (Barcelona)<\/p>\n<p>Email: <a href=\"mailto:fundacio@fundacioiris.org\">fundacio@fundacioiris.org<\/a><br \/>\nTel\u00e9fono: <a href=\"tel:936563675\">936 563 675<\/a><br \/>\nFax: <a href=\"tel:936 563 989\">936 563 989<\/a><\/p><\/div>[vc_empty_space]<div class=\"feature-item\"><div class=\"icon features-map\"><\/div><h4>ESCUELA IRIS<\/h4><p>C\/ Salvador Allende 2-10<br \/>\n08620 Sant Vicen\u00e7 dels Horts (Barcelona)<\/p>\n<p>Email: <a href=\"mailto:escola@fundacioiris.org\">escola@fundacioiris.org<\/a><br \/>\nTel\u00e9fono: <a href=\"tel:936569051\">936 569 051<\/a><\/p><\/div>[vc_empty_space]<div class=\"feature-item\"><div class=\"icon features-map\"><\/div><h4>HOGAR-RESIDENCIA<\/h4><p>C\/ Salvador Allende 69-71<br \/>\n08620 Sant Vicen\u00e7 dels Horts (Barcelona)<\/p>\n<p>Email: <a href=\"mailto:fundacio@fundacioiris.org\">fundacio@fundacioiris.org<\/a><br \/>\nTel\u00e9fono: <a href=\"tel:936563675\">936 563 675<\/a><\/p><\/div>[vc_empty_space]<div class=\"feature-item\"><div class=\"icon features-map\"><\/div><h4>CENTRO ESPECIAL DE TRABAJO<\/h4><p>C\/ Anselm Clav\u00e9, 121<br \/>\n08620 Sant Vicen\u00e7 dels Horts (Barcelona)<\/p>\n<p>Email: <a href=\"mailto:cet@fundacioiris.org\">cet@fundacioiris.org<\/a><br \/>\nTel\u00e9fono: <a href=\"tel:936563675\">936 563 675<\/a><\/p><\/div>[\/vc_column][vc_column width=\u00bb1\/2&#8243;]\n<div class=\"wpcf7 no-js\" id=\"wpcf7-f2158-o1\" lang=\"ca\" dir=\"ltr\">\n<div class=\"screen-reader-response\"><p role=\"status\" aria-live=\"polite\" aria-atomic=\"true\"><\/p> <ul><\/ul><\/div>\n<form action=\"\/es\/wp-json\/wp\/v2\/pages\/2172#wpcf7-f2158-o1\" method=\"post\" class=\"wpcf7-form init\" aria-label=\"Formulari de contacte\" novalidate=\"novalidate\" data-status=\"init\">\n<div style=\"display: none;\">\n<input type=\"hidden\" name=\"_wpcf7\" value=\"2158\" \/>\n<input type=\"hidden\" name=\"_wpcf7_version\" value=\"5.9.8\" \/>\n<input type=\"hidden\" name=\"_wpcf7_locale\" value=\"ca\" \/>\n<input type=\"hidden\" name=\"_wpcf7_unit_tag\" value=\"wpcf7-f2158-o1\" \/>\n<input type=\"hidden\" name=\"_wpcf7_container_post\" value=\"0\" \/>\n<input type=\"hidden\" name=\"_wpcf7_posted_data_hash\" value=\"\" \/>\n<input type=\"hidden\" name=\"_wpcf7_recaptcha_response\" value=\"\" \/>\n<\/div>\n<p><label> <strong>Nombre*<\/strong><br \/>\n<span class=\"wpcf7-form-control-wrap\" data-name=\"your-name\"><input size=\"40\" maxlength=\"400\" class=\"wpcf7-form-control wpcf7-text wpcf7-validates-as-required\" aria-required=\"true\" aria-invalid=\"false\" value=\"\" type=\"text\" name=\"your-name\" \/><\/span> <\/label>\n<\/p>\n<p><label> <strong>Email*<\/strong><br \/>\n<span class=\"wpcf7-form-control-wrap\" data-name=\"your-email\"><input size=\"40\" maxlength=\"400\" class=\"wpcf7-form-control wpcf7-email wpcf7-validates-as-required wpcf7-text wpcf7-validates-as-email\" aria-required=\"true\" aria-invalid=\"false\" value=\"\" type=\"email\" name=\"your-email\" \/><\/span> <\/label>\n<\/p>\n<p><label> <strong>Tel\u00e9fono*<\/strong><br \/>\n<span class=\"wpcf7-form-control-wrap\" data-name=\"telefon\"><input size=\"40\" maxlength=\"400\" class=\"wpcf7-form-control wpcf7-text wpcf7-validates-as-required\" aria-required=\"true\" aria-invalid=\"false\" value=\"\" type=\"text\" name=\"telefon\" \/><\/span> <\/label>\n<\/p>\n<p><label> <strong>Asunto*<\/strong><br \/>\n<span class=\"wpcf7-form-control-wrap\" data-name=\"your-subject\"><input size=\"40\" maxlength=\"400\" class=\"wpcf7-form-control wpcf7-text wpcf7-validates-as-required\" aria-required=\"true\" aria-invalid=\"false\" value=\"\" type=\"text\" name=\"your-subject\" \/><\/span> <\/label>\n<\/p>\n<p><label> <strong>Mensaje<\/strong><br \/>\n<span class=\"wpcf7-form-control-wrap\" data-name=\"your-message\"><textarea cols=\"40\" rows=\"10\" maxlength=\"2000\" class=\"wpcf7-form-control wpcf7-textarea\" aria-invalid=\"false\" name=\"your-message\"><\/textarea><\/span> <\/label>\n<\/p>\n<p><span class=\"wpcf7-form-control-wrap\" data-name=\"acceptance-651\"><span class=\"wpcf7-form-control wpcf7-acceptance\"><span class=\"wpcf7-list-item\"><input type=\"checkbox\" name=\"acceptance-651\" value=\"1\" aria-invalid=\"false\" \/><\/span><\/span><\/span> He le\u00eddo y acepto la informaci\u00f3n sobre protecci\u00f3n de datos seg\u00fan el REGLAMENTO (UE) 2016\/679 DEL PARLAMENTO EUROPEO Y DEL CONSEJO de 27 de abril de 2016 relativo a la protecci\u00f3n de las personas f\u00edsicas en lo que respecta al tratamiento de datos personales y a la libre circulaci\u00f3n de estos datos:<br \/>\nSus datos son utilizados para gestionar las consultas que se realizan a trav\u00e9s de nuestra web mediante su tratamiento como \"Formulario Web\".<br \/>\nLa base legal para el tratamiento de sus datos es su consentimiento a trav\u00e9s de la aceptaci\u00f3n del checkbox.<br \/>\nNo se ceder\u00e1n datos a terceros, salvo obligaci\u00f3n legal.<br \/>\nPuede acceder, rectificar y suprimir los datos, as\u00ed como otros derechos, tal como se explica en la informaci\u00f3n adicional.<br \/>\nLa informaci\u00f3n adicional se encuentra en el AVISO LEGAL de nuestra p\u00e1gina web.\n<\/p>\n<p><input class=\"wpcf7-form-control wpcf7-submit has-spinner more submit-contact-form\" type=\"submit\" value=\"Enviar\" \/>\n<\/p><div class=\"wpcf7-response-output\" aria-hidden=\"true\"><\/div>\n<\/form>\n<\/div>\n[\/vc_column][\/vc_row][vc_row type=\u00bbfull-width\u00bb top_margin=\u00bbpage-margin-top-section\u00bb][vc_column]<div id='map' style='width:100%;height:536px;'><\/div>[\/vc_column][\/vc_row]<\/p>\n<\/section>","protected":false},"excerpt":{"rendered":"<p>[vc_row css=\u00bb.vc_custom_1560856477700{margin-top: 50px !important;}\u00bb][vc_column width=\u00bb1\/2&#8243;][vc_empty_space][vc_empty_space][vc_empty_space][\/vc_column][vc_column width=\u00bb1\/2&#8243;][\/vc_column][\/vc_row][vc_row type=\u00bbfull-width\u00bb top_margin=\u00bbpage-margin-top-section\u00bb][vc_column][\/vc_column][\/vc_row]<\/p>\n","protected":false},"author":3,"featured_media":0,"parent":0,"menu_order":0,"comment_status":"closed","ping_status":"closed","template":"","meta":{"_acf_changed":false,"footnotes":""},"acf":[],"yoast_head":"<!-- This site is optimized with the Yoast SEO plugin v24.5 - https:\/\/yoast.com\/wordpress\/plugins\/seo\/ -->\n<title>Contacto | Fundaci\u00f3 Iris<\/title>\n<meta name=\"description\" content=\"Contacta con nosotros a trav\u00e9s de correo electr\u00f3nico, telef\u00f3nicamente o ven a vernos a nuestras instalaciones.\" \/>\n<meta name=\"robots\" content=\"index, follow, max-snippet:-1, max-image-preview:large, max-video-preview:-1\" \/>\n<link rel=\"canonical\" href=\"https:\/\/www.fundacioiris.org\/es\/contacto\/\" \/>\n<meta property=\"og:locale\" content=\"es_ES\" \/>\n<meta property=\"og:type\" content=\"article\" \/>\n<meta property=\"og:title\" content=\"Contacto | Fundaci\u00f3 Iris\" \/>\n<meta property=\"og:description\" content=\"Contacta con nosotros a trav\u00e9s de correo electr\u00f3nico, telef\u00f3nicamente o ven a vernos a nuestras instalaciones.\" \/>\n<meta property=\"og:url\" content=\"https:\/\/www.fundacioiris.org\/es\/contacto\/\" \/>\n<meta property=\"og:site_name\" content=\"Fundaci\u00f3 Iris\" \/>\n<meta property=\"article:modified_time\" content=\"2019-06-27T06:30:04+00:00\" \/>\n<meta name=\"twitter:card\" content=\"summary_large_image\" \/>\n<meta name=\"twitter:label1\" content=\"Tiempo de lectura\" \/>\n\t<meta name=\"twitter:data1\" content=\"1 minuto\" \/>\n<script type=\"application\/ld+json\" class=\"yoast-schema-graph\">{\"@context\":\"https:\/\/schema.org\",\"@graph\":[{\"@type\":\"WebPage\",\"@id\":\"https:\/\/www.fundacioiris.org\/es\/contacto\/\",\"url\":\"https:\/\/www.fundacioiris.org\/es\/contacto\/\",\"name\":\"Contacto | Fundaci\u00f3 Iris\",\"isPartOf\":{\"@id\":\"https:\/\/www.fundacioiris.org\/es\/#website\"},\"datePublished\":\"2019-05-09T09:25:03+00:00\",\"dateModified\":\"2019-06-27T06:30:04+00:00\",\"description\":\"Contacta con nosotros a trav\u00e9s de correo electr\u00f3nico, telef\u00f3nicamente o ven a vernos a nuestras instalaciones.\",\"breadcrumb\":{\"@id\":\"https:\/\/www.fundacioiris.org\/es\/contacto\/#breadcrumb\"},\"inLanguage\":\"es\",\"potentialAction\":[{\"@type\":\"ReadAction\",\"target\":[\"https:\/\/www.fundacioiris.org\/es\/contacto\/\"]}]},{\"@type\":\"BreadcrumbList\",\"@id\":\"https:\/\/www.fundacioiris.org\/es\/contacto\/#breadcrumb\",\"itemListElement\":[{\"@type\":\"ListItem\",\"position\":1,\"name\":\"Inici\",\"item\":\"https:\/\/www.fundacioiris.org\/es\/\"},{\"@type\":\"ListItem\",\"position\":2,\"name\":\"Contacto\"}]},{\"@type\":\"WebSite\",\"@id\":\"https:\/\/www.fundacioiris.org\/es\/#website\",\"url\":\"https:\/\/www.fundacioiris.org\/es\/\",\"name\":\"Fundaci\u00f3 Iris\",\"description\":\"Desde 1973 al lado de las personas con discapacidad intelectual\",\"potentialAction\":[{\"@type\":\"SearchAction\",\"target\":{\"@type\":\"EntryPoint\",\"urlTemplate\":\"https:\/\/www.fundacioiris.org\/es\/?s={search_term_string}\"},\"query-input\":{\"@type\":\"PropertyValueSpecification\",\"valueRequired\":true,\"valueName\":\"search_term_string\"}}],\"inLanguage\":\"es\"}]}<\/script>\n<!-- \/ Yoast SEO plugin. -->","yoast_head_json":{"title":"Contacto | Fundaci\u00f3 Iris","description":"Contacta con nosotros a trav\u00e9s de correo electr\u00f3nico, telef\u00f3nicamente o ven a vernos a nuestras instalaciones.","robots":{"index":"index","follow":"follow","max-snippet":"max-snippet:-1","max-image-preview":"max-image-preview:large","max-video-preview":"max-video-preview:-1"},"canonical":"https:\/\/www.fundacioiris.org\/es\/contacto\/","og_locale":"es_ES","og_type":"article","og_title":"Contacto | Fundaci\u00f3 Iris","og_description":"Contacta con nosotros a trav\u00e9s de correo electr\u00f3nico, telef\u00f3nicamente o ven a vernos a nuestras instalaciones.","og_url":"https:\/\/www.fundacioiris.org\/es\/contacto\/","og_site_name":"Fundaci\u00f3 Iris","article_modified_time":"2019-06-27T06:30:04+00:00","twitter_card":"summary_large_image","twitter_misc":{"Tiempo de lectura":"1 minuto"},"schema":{"@context":"https:\/\/schema.org","@graph":[{"@type":"WebPage","@id":"https:\/\/www.fundacioiris.org\/es\/contacto\/","url":"https:\/\/www.fundacioiris.org\/es\/contacto\/","name":"Contacto | Fundaci\u00f3 Iris","isPartOf":{"@id":"https:\/\/www.fundacioiris.org\/es\/#website"},"datePublished":"2019-05-09T09:25:03+00:00","dateModified":"2019-06-27T06:30:04+00:00","description":"Contacta con nosotros a trav\u00e9s de correo electr\u00f3nico, telef\u00f3nicamente o ven a vernos a nuestras instalaciones.","breadcrumb":{"@id":"https:\/\/www.fundacioiris.org\/es\/contacto\/#breadcrumb"},"inLanguage":"es","potentialAction":[{"@type":"ReadAction","target":["https:\/\/www.fundacioiris.org\/es\/contacto\/"]}]},{"@type":"BreadcrumbList","@id":"https:\/\/www.fundacioiris.org\/es\/contacto\/#breadcrumb","itemListElement":[{"@type":"ListItem","position":1,"name":"Inici","item":"https:\/\/www.fundacioiris.org\/es\/"},{"@type":"ListItem","position":2,"name":"Contacto"}]},{"@type":"WebSite","@id":"https:\/\/www.fundacioiris.org\/es\/#website","url":"https:\/\/www.fundacioiris.org\/es\/","name":"Fundaci\u00f3 Iris","description":"Desde 1973 al lado de las personas con discapacidad intelectual","potentialAction":[{"@type":"SearchAction","target":{"@type":"EntryPoint","urlTemplate":"https:\/\/www.fundacioiris.org\/es\/?s={search_term_string}"},"query-input":{"@type":"PropertyValueSpecification","valueRequired":true,"valueName":"search_term_string"}}],"inLanguage":"es"}]}},"_links":{"self":[{"href":"https:\/\/www.fundacioiris.org\/es\/wp-json\/wp\/v2\/pages\/2172"}],"collection":[{"href":"https:\/\/www.fundacioiris.org\/es\/wp-json\/wp\/v2\/pages"}],"about":[{"href":"https:\/\/www.fundacioiris.org\/es\/wp-json\/wp\/v2\/types\/page"}],"author":[{"embeddable":true,"href":"https:\/\/www.fundacioiris.org\/es\/wp-json\/wp\/v2\/users\/3"}],"replies":[{"embeddable":true,"href":"https:\/\/www.fundacioiris.org\/es\/wp-json\/wp\/v2\/comments?post=2172"}],"version-history":[{"count":5,"href":"https:\/\/www.fundacioiris.org\/es\/wp-json\/wp\/v2\/pages\/2172\/revisions"}],"predecessor-version":[{"id":2177,"href":"https:\/\/www.fundacioiris.org\/es\/wp-json\/wp\/v2\/pages\/2172\/revisions\/2177"}],"wp:attachment":[{"href":"https:\/\/www.fundacioiris.org\/es\/wp-json\/wp\/v2\/media?parent=2172"}],"curies":[{"name":"wp","href":"https:\/\/api.w.org\/{rel}","templated":true}]}}